{"id":40863,"date":"2026-04-02T00:08:04","date_gmt":"2026-04-01T23:08:04","guid":{"rendered":"https:\/\/racefinder.pt\/?post_type=product&#038;p=40863"},"modified":"2026-04-02T12:08:32","modified_gmt":"2026-04-02T11:08:32","slug":"37a-corrida-da-festa-do-avante-2026","status":"publish","type":"product","link":"https:\/\/racefinder.pt\/pt\/event\/37a-corrida-da-festa-do-avante-2026\/","title":{"rendered":"37\u00aa Corrida da Festa do Avante! 2026"},"content":{"rendered":"","protected":false},"excerpt":{"rendered":"","protected":false},"featured_media":39716,"comment_status":"open","ping_status":"closed","template":"","meta":{"_acf_changed":false,"footnotes":""},"product_brand":[],"product_cat":[140,129,225],"product_tag":[],"class_list":{"0":"post-40863","1":"product","2":"type-product","3":"status-publish","4":"has-post-thumbnail","6":"product_cat-caminhada","7":"product_cat-corrida","8":"product_cat-10-km-pt","10":"first","11":"instock","12":"shipping-taxable","13":"purchasable","14":"product-type-variable"},"acf":{"event_location_text":"Lisboa","event_short_description":"<p>A 37\u00aa Corrida da Festa do Avante! 2026 \u00e9 uma prova de corrida de 10 km que se realiza a 6 de setembro de 2026, com partida na Avenida Silva Gomes, junto ao E-Leclerc, em Amora, Portugal. O percurso segue em dire\u00e7\u00e3o \u00e0 Festa do Avante! na Quinta da Atalaia, com retorno perto do palco 25 de Abril, regressando ao local de partida para a meta.<\/p>\n<p>Esta corrida aberta destina-se a representantes de clubes, federados ou n\u00e3o, associa\u00e7\u00f5es e atletas individuais. O percurso est\u00e1 homologado pela Federa\u00e7\u00e3o Portuguesa de Atletismo, garantindo padr\u00f5es oficiais e integridade competitiva.<\/p>\n<p>O evento promove o conv\u00edvio, a solidariedade e os valores do desporto como atividade integradora, inserida no programa cultural e pol\u00edtico da Festa do Avante! Proporciona uma atmosfera festiva e inclusiva para a comunidade.<\/p>\n","organizer_description":"<p><strong><a class=\"\" href=\"https:\/\/werun.pt\/eventos\/37-corrida-da-festa-do-avante-2026\/\" target=\"_new\" rel=\"noopener\">Regulamento \u2197<\/a><\/strong><\/p>\n<p><strong>Locais de partida\/chegada:<\/strong> Avenida Silva Gomes, junto ao E-Leclerc, Amora<\/p>\n<p><strong>Hor\u00e1rios de partida por categoria\/dist\u00e2ncia:<\/strong><br \/>\n\u2022 Corrida (10 km): 09h30<br \/>\n\u2022 Caminhada: 09h45<\/p>\n<p><strong>Levantamento de dorsais (data\/hora e local):<\/strong><br \/>\n\u2022 5 de Setembro, 15h00\u201319h00, Avenida Silva Gomes, junto ao E-Leclerc, Amora<br \/>\n\u2022 Dia da prova, 7h30\u20138h30, local da partida (somente para atletas de fora do concelho)<\/p>\n<p><strong>Tempos limite:<\/strong> 1h10m ap\u00f3s a partida<\/p>\n<p><strong>Prazo de inscri\u00e7\u00e3o:<\/strong> 01\/09\/2026<\/p>\n<p><strong>Tipos de piso:<\/strong> Percurso homologado pela Federa\u00e7\u00e3o Portuguesa de Atletismo (asfalto e marginal)<\/p>\n<p><strong>Percursos da prova:<\/strong> Partida na Avenida Silva Gomes, dire\u00e7\u00e3o \u00e0 Festa do Avante! na Quinta da Atalaia, retorno perto do palco 25 de Abril, regresso \u00e0 Rua Silva Gomes, depois em dire\u00e7\u00e3o ao Seixal pela marginal e retorno ao local de partida para a meta<\/p>\n<p><strong>M\u00e9todo de cronometragem:<\/strong> Sistemas de cronometragem WeTiming<\/p>\n<p><strong>WC e localiza\u00e7\u00e3o dos abastecimentos:<\/strong> Abastecimentos aos 6 km e no final da corrida<\/p>\n<p><strong>Pr\u00e9mios:<\/strong> Trof\u00e9us ou ta\u00e7a aos 3 primeiros atletas classificados em cada escal\u00e3o; ta\u00e7as \u00e0s 10 primeiras equipas; entrada de domingo na Festa do Avante! para todos os que terminarem a prova<\/p>\n","race_benefits":"<p>\ud83c\udfc5 Pr\u00e9mio de finalista: entrada na Festa do Avante! no domingo para todos os que terminarem<br \/>\n\u23f1\ufe0f Cronometragem + resultados ao vivo pelo sistema WeTiming<br \/>\n\ud83d\udedf Apoio de seguran\u00e7a: ambul\u00e2ncia e servi\u00e7o de primeiros socorros<br \/>\n\ud83e\udd64 Abastecimentos: hidrata\u00e7\u00e3o aos 6 km e na meta<br \/>\n\ud83d\udee1\ufe0f Seguro: cobertura de acidentes pessoais inclu\u00edda<\/p>\n","event_faq_headline":"FAQ","event_faq_items":[{"item_title":"Como posso inscrever-me na corrida?","item_description":"As inscri\u00e7\u00f5es devem ser feitas na plataforma werun.pt at\u00e9 1 de setembro de 2026. N\u00e3o s\u00e3o aceites inscri\u00e7\u00f5es no dia da prova."},{"item_title":"Posso levantar o dorsal no dia da prova?","item_description":"O levantamento de dorsais est\u00e1 dispon\u00edvel a 5 de setembro das 15h00 \u00e0s 19h00 e no dia da prova das 7h30 \u00e0s 8h30 apenas para atletas de fora do concelho."},{"item_title":"Qual \u00e9 o tempo limite para a prova?","item_description":"O controlo da prova encerra 1 hora e 10 minutos ap\u00f3s a partida."},{"item_title":"Existem abastecimentos ao longo do percurso?","item_description":"Sim, h\u00e1 abastecimentos aos 6 km e na linha de chegada."},{"item_title":"H\u00e1 apoio m\u00e9dico e de seguran\u00e7a durante a prova?","item_description":"Sim, h\u00e1 ambul\u00e2ncia e servi\u00e7o de primeiros socorros dispon\u00edveis."}],"event_date_start":"20260906","event_date_end":"20260906","event_start_time":"","event_country":"portugal","event_ticket_url":"https:\/\/werun.pt\/eventos\/37-corrida-da-festa-do-avante-2026\/","event_latitude":"38.6272","event_longitude":"-9.1112","event_rating":"","is_hot_event":false,"event_participants_count":"0","organizer_avatar":false,"event_gallery":false,"purchasing_all_variations_through_woocommerce":false,"optional_extras":false,"organizer_website":{"title":"","url":"","target":"","0":""}},"_links":{"self":[{"href":"https:\/\/racefinder.pt\/pt\/wp-json\/wp\/v2\/product\/40863","targetHints":{"allow":["GET"]}}],"collection":[{"href":"https:\/\/racefinder.pt\/pt\/wp-json\/wp\/v2\/product"}],"about":[{"href":"https:\/\/racefinder.pt\/pt\/wp-json\/wp\/v2\/types\/product"}],"replies":[{"embeddable":true,"href":"https:\/\/racefinder.pt\/pt\/wp-json\/wp\/v2\/comments?post=40863"}],"version-history":[{"count":2,"href":"https:\/\/racefinder.pt\/pt\/wp-json\/wp\/v2\/product\/40863\/revisions"}],"predecessor-version":[{"id":40974,"href":"https:\/\/racefinder.pt\/pt\/wp-json\/wp\/v2\/product\/40863\/revisions\/40974"}],"wp:featuredmedia":[{"embeddable":true,"href":"https:\/\/racefinder.pt\/pt\/wp-json\/wp\/v2\/media\/39716"}],"wp:attachment":[{"href":"https:\/\/racefinder.pt\/pt\/wp-json\/wp\/v2\/media?parent=40863"}],"wp:term":[{"taxonomy":"product_brand","embeddable":true,"href":"https:\/\/racefinder.pt\/pt\/wp-json\/wp\/v2\/product_brand?post=40863"},{"taxonomy":"product_cat","embeddable":true,"href":"https:\/\/racefinder.pt\/pt\/wp-json\/wp\/v2\/product_cat?post=40863"},{"taxonomy":"product_tag","embeddable":true,"href":"https:\/\/racefinder.pt\/pt\/wp-json\/wp\/v2\/product_tag?post=40863"}],"curies":[{"name":"wp","href":"https:\/\/api.w.org\/{rel}","templated":true}]}}