{"id":39064,"date":"2026-03-24T23:10:55","date_gmt":"2026-03-24T23:10:55","guid":{"rendered":"https:\/\/racefinder.pt\/?post_type=product&#038;p=39064"},"modified":"2026-03-26T11:08:17","modified_gmt":"2026-03-26T11:08:17","slug":"trilha-castelejo-2026","status":"publish","type":"product","link":"https:\/\/racefinder.pt\/pt\/event\/trilha-castelejo-2026\/","title":{"rendered":"TRILHA CASTELEJO 2026"},"content":{"rendered":"","protected":false},"excerpt":{"rendered":"","protected":false},"featured_media":39651,"comment_status":"open","ping_status":"closed","template":"","meta":{"_acf_changed":false,"footnotes":""},"product_brand":[],"product_cat":[140,129,139],"product_tag":[],"class_list":{"0":"post-39064","1":"product","2":"type-product","3":"status-publish","4":"has-post-thumbnail","6":"product_cat-caminhada","7":"product_cat-corrida","8":"product_cat-trail-run-pt","10":"first","11":"instock","12":"shipping-taxable","13":"purchasable","14":"product-type-variable"},"acf":{"event_location_text":"Porto de M\u00f3s, Leiria","event_short_description":"<p>O Trail Castelejo 2026 \u00e9 uma prova de corrida de montanha que se realiza a 8 de fevereiro de 2026, em Alvados, Portugal. A prova oferece duas dist\u00e2ncias, aproximadamente 10 km e 22 km, com trilhos t\u00e9cnicos e piso escorregadio que exigem m\u00e1xima aten\u00e7\u00e3o dos participantes.<\/p>\n<p>O evento \u00e9 aberto a corredores com idade m\u00ednima de 18 anos que cumpram os requisitos de inscri\u00e7\u00e3o. As dist\u00e2ncias K10 e K20 pontuam para o Trof\u00e9u do Munic\u00edpio, atraindo atletas competitivos em v\u00e1rias categorias et\u00e1rias. O percurso \u00e9 sinalizado com setas, estacas e fitas, garantindo uma navega\u00e7\u00e3o clara pela paisagem natural de Alvados.<\/p>\n<p>O Trail Castelejo promove a preserva\u00e7\u00e3o ambiental e valoriza o Parque Natural das Serras de Aire e Candeeiros, proporcionando um cen\u00e1rio \u00fanico para a pr\u00e1tica do trail running. Inclui tamb\u00e9m uma caminhada e oferece um ambiente festivo com almo\u00e7o opcional e cerim\u00f3nia de pr\u00e9mios.<\/p>\n","organizer_description":"<p><strong><a class=\"\" href=\"https:\/\/drive.google.com\/file\/d\/1C0kkINFHdAr05Nhzv-GAij1hSc5WxnX9\/view\" target=\"_new\" rel=\"noopener\">Regulamento \u2197<\/a><\/strong><\/p>\n<p><strong>Locais de partida\/chegada:<\/strong> Secretariado no sal\u00e3o paroquial de Alvados (coordenadas: 39\u00b032&#8217;55.37&#8243;N 8\u00b046&#8217;12.80&#8243;W)<\/p>\n<p><strong>Hor\u00e1rios de partida por categoria\/dist\u00e2ncia:<\/strong><br \/>\n\u2022 K20 &#8211; 09h00<br \/>\n\u2022 K10 &#8211; 09h15<br \/>\n\u2022 Caminhada &#8211; 09h30<\/p>\n<p><strong>Limite de participantes:<\/strong><br \/>\n\u2022 K10 \u2013 200<br \/>\n\u2022 K20 \u2013 200<br \/>\n\u2022 Caminhada \u2013 200<\/p>\n<p><strong>Prazo de inscri\u00e7\u00e3o:<\/strong> 01 de fevereiro de 2026 \u00e0s 24H00<\/p>\n<p><strong>Tipos de piso:<\/strong> Trilhos tecnicamente dif\u00edceis e piso escorregadio em caminhos existentes na \u00e1rea de Alvados<\/p>\n<p><strong>Formato do percurso:<\/strong> Corrida de montanha em trilhos sinalizados com setas no pavimento, estacas e fitas<\/p>\n<p><strong>Percursos da prova:<\/strong><br \/>\n\u2022 K10 \u2013 Aproximadamente 10 km<br \/>\n\u2022 K20 \u2013 Aproximadamente 22 km<\/p>\n<p><strong>Levantamento de dorsais (data\/hora e local):<\/strong><br \/>\n\u2022 07 de fevereiro de 2026, 17H00\u201318H30<br \/>\n\u2022 08 de fevereiro de 2026, a partir das 07H30<br \/>\n\u2022 Local: sal\u00e3o paroquial de Alvados<\/p>\n<p><strong>M\u00e9todo de cronometragem:<\/strong> Cronometragem eletr\u00f3nica com chip no peitoral colocado na parte frontal do corpo<\/p>\n<p><strong>Pr\u00e9mios:<\/strong> Trof\u00e9us para 1\u00ba, 2\u00ba e 3\u00ba lugar geral (masculino e feminino), por escal\u00e3o et\u00e1rio e por equipas<\/p>\n","race_benefits":"<p>\ud83c\udfbd Kit do atleta: dorsal personalizado com chip, alfinetes para fixa\u00e7\u00e3o<br \/>\n\ud83c\udfc5 Pr\u00e9mio de finalista: medalha para todos os que conclu\u00edrem a prova<br \/>\n\u23f1\ufe0f Cronometragem eletr\u00f3nica com chip colocado na parte frontal do corpo<br \/>\n\ud83d\udedf Apoio de seguran\u00e7a: assist\u00eancia m\u00e9dica e equipas de emerg\u00eancia no percurso<br \/>\n\ud83d\udee1\ufe0f Seguro: seguro de acidentes pessoais inclu\u00eddo na inscri\u00e7\u00e3o<br \/>\n\ud83e\udd64 Abastecimentos: l\u00edquidos e s\u00f3lidos fornecidos (detalhes a anunciar)<br \/>\n\ud83d\udebf Banhos inclu\u00eddos<br \/>\n\ud83e\uddf3 Dorsal personalizado e chip para controlo de tempo<br \/>\n\ud83c\udfc6 Trof\u00e9us para os melhores classificados geral, por escal\u00e3o e por equipas<br \/>\n\ud83c\udf72 Almo\u00e7o opcional dispon\u00edvel por 6\u20ac, incluindo sopa, prato principal, bebida e sobremesa<\/p>\n","event_faq_headline":"FAQ","event_faq_items":[{"item_title":"Como fa\u00e7o a inscri\u00e7\u00e3o para o evento?","item_description":"As inscri\u00e7\u00f5es s\u00e3o exclusivamente online atrav\u00e9s do sistema Recorde Pessoal em http:\/\/wwwrecordepessoal.pt at\u00e9 01 de fevereiro de 2026 \u00e0s 24H00. No dia da prova n\u00e3o s\u00e3o aceites inscri\u00e7\u00f5es."},{"item_title":"Qual a idade m\u00ednima para participar?","item_description":"Os participantes devem ter no m\u00ednimo 18 anos."},{"item_title":"Onde e quando posso levantar o dorsal?","item_description":"Os dorsais podem ser levantados no sal\u00e3o paroquial de Alvados no dia 07 de fevereiro das 17H00 \u00e0s 18H30 e no dia da prova a partir das 07H30."},{"item_title":"Que material obrigat\u00f3rio devo levar?","item_description":"Os participantes devem levar telem\u00f3vel funcional, apito, manta t\u00e9rmica, alfinetes para o dorsal e recipientes para hidrata\u00e7\u00e3o. A falta de algum item implica penaliza\u00e7\u00e3o de 15 minutos."},{"item_title":"Quais os hor\u00e1rios de partida das provas?","item_description":"K20 \u00e0s 09h00, K10 \u00e0s 09h15 e caminhada \u00e0s 09h30."}],"event_date_start":"20260329","event_date_end":"20260329","event_start_time":"","event_country":"portugal","event_ticket_url":"https:\/\/www.recordepessoal.pt\/evento\/trailcastelejo2026","event_latitude":"39.5496","event_longitude":"-8.7696","event_rating":"","is_hot_event":false,"event_participants_count":"0","organizer_avatar":false,"event_gallery":false,"purchasing_all_variations_through_woocommerce":false,"optional_extras":false,"organizer_website":{"title":"","url":"","target":"","0":""}},"_links":{"self":[{"href":"https:\/\/racefinder.pt\/pt\/wp-json\/wp\/v2\/product\/39064","targetHints":{"allow":["GET"]}}],"collection":[{"href":"https:\/\/racefinder.pt\/pt\/wp-json\/wp\/v2\/product"}],"about":[{"href":"https:\/\/racefinder.pt\/pt\/wp-json\/wp\/v2\/types\/product"}],"replies":[{"embeddable":true,"href":"https:\/\/racefinder.pt\/pt\/wp-json\/wp\/v2\/comments?post=39064"}],"version-history":[{"count":1,"href":"https:\/\/racefinder.pt\/pt\/wp-json\/wp\/v2\/product\/39064\/revisions"}],"predecessor-version":[{"id":39065,"href":"https:\/\/racefinder.pt\/pt\/wp-json\/wp\/v2\/product\/39064\/revisions\/39065"}],"wp:featuredmedia":[{"embeddable":true,"href":"https:\/\/racefinder.pt\/pt\/wp-json\/wp\/v2\/media\/39651"}],"wp:attachment":[{"href":"https:\/\/racefinder.pt\/pt\/wp-json\/wp\/v2\/media?parent=39064"}],"wp:term":[{"taxonomy":"product_brand","embeddable":true,"href":"https:\/\/racefinder.pt\/pt\/wp-json\/wp\/v2\/product_brand?post=39064"},{"taxonomy":"product_cat","embeddable":true,"href":"https:\/\/racefinder.pt\/pt\/wp-json\/wp\/v2\/product_cat?post=39064"},{"taxonomy":"product_tag","embeddable":true,"href":"https:\/\/racefinder.pt\/pt\/wp-json\/wp\/v2\/product_tag?post=39064"}],"curies":[{"name":"wp","href":"https:\/\/api.w.org\/{rel}","templated":true}]}}