{"id":34888,"date":"2026-02-27T23:23:28","date_gmt":"2026-02-27T23:23:28","guid":{"rendered":"https:\/\/racefinder.pt\/?post_type=product&#038;p=34888"},"modified":"2026-03-04T12:36:42","modified_gmt":"2026-03-04T12:36:42","slug":"17o-corta-mato-g-d-pedreiras","status":"publish","type":"product","link":"https:\/\/racefinder.pt\/pt\/event\/17o-corta-mato-g-d-pedreiras\/","title":{"rendered":"17\u00ba. CORTA-MATO G. D. PEDREIRAS"},"content":{"rendered":"","protected":false},"excerpt":{"rendered":"","protected":false},"featured_media":34767,"comment_status":"open","ping_status":"closed","template":"","meta":{"_acf_changed":false,"footnotes":""},"product_brand":[],"product_cat":[129,2548,2697,161],"product_tag":[],"class_list":{"0":"post-34888","1":"product","2":"type-product","3":"status-publish","4":"has-post-thumbnail","6":"product_cat-corrida","7":"product_cat-corta-mato","8":"product_cat-jovens","9":"product_cat-kids-pt","11":"first","12":"instock","13":"shipping-taxable","14":"purchasable","15":"product-type-variable"},"acf":{"event_location_text":"Porto de M\u00f3s, Leiria","event_short_description":"<p data-start=\"651\" data-end=\"870\">O <strong data-start=\"653\" data-end=\"686\">17\u00ba Corta-Mato G.D. Pedreiras<\/strong> realiza-se no dia <strong data-start=\"705\" data-end=\"728\">15 de mar\u00e7o de 2026<\/strong>, em Pedreiras (Porto de M\u00f3s), Portugal. Organizada pelo Grupo Desportivo das Pedreiras, a prova integra o <strong data-start=\"835\" data-end=\"869\">Circuito de Meio Fundo da ADAL<\/strong>.<\/p>\n<p data-start=\"872\" data-end=\"1170\">A competi\u00e7\u00e3o de corta-mato inclui provas para seniores e veteranos, bem como diversas corridas de forma\u00e7\u00e3o desde Bambis at\u00e9 Juniores. O percurso decorre no <strong data-start=\"1028\" data-end=\"1048\">Moinho do Cabe\u00e7o<\/strong>, junto ao Parque de Campismo, em piso misto de terra batida e saibro, proporcionando um ambiente t\u00edpico de cross-country.<\/p>\n","organizer_description":"<p data-start=\"2162\" data-end=\"2179\"><a href=\"https:\/\/www.recordepessoal.pt\/evento\/17corta-matogdpedreiras\"><strong data-start=\"2162\" data-end=\"2179\">Regulamento \u2197<\/strong><\/a><\/p>\n<p data-start=\"2181\" data-end=\"2211\"><strong data-start=\"2181\" data-end=\"2189\">Data<\/strong><br data-start=\"2189\" data-end=\"2192\" \/>15 de mar\u00e7o de 2026<\/p>\n<p data-start=\"2213\" data-end=\"2267\"><strong data-start=\"2213\" data-end=\"2222\">Local<\/strong><br data-start=\"2222\" data-end=\"2225\" \/>Moinho do Cabe\u00e7o \u2013 Pedreiras, Porto de M\u00f3s<\/p>\n<p data-start=\"2269\" data-end=\"2296\"><strong data-start=\"2269\" data-end=\"2288\">Hora de Partida<\/strong><br data-start=\"2288\" data-end=\"2291\" \/>10h00<\/p>\n<p data-start=\"2298\" data-end=\"2320\"><strong data-start=\"2298\" data-end=\"2320\">Programa de Provas<\/strong><\/p>\n<p data-start=\"2322\" data-end=\"2441\">Prova principal<br data-start=\"2337\" data-end=\"2340\" \/>\u2013 Seniores e Veteranos (Masculinos): 7400 m<br data-start=\"2383\" data-end=\"2386\" \/>\u2013 Seniores e Veteranas (Femininos) e Juniores: 4100 m<\/p>\n<p data-start=\"2443\" data-end=\"2590\">Provas de forma\u00e7\u00e3o<br data-start=\"2461\" data-end=\"2464\" \/>\u2013 Bambis: 200 m<br data-start=\"2479\" data-end=\"2482\" \/>\u2013 Benjamins A: 500 m<br data-start=\"2502\" data-end=\"2505\" \/>\u2013 Benjamins B: 950 m<br data-start=\"2525\" data-end=\"2528\" \/>\u2013 Infantis: 1600 m<br data-start=\"2546\" data-end=\"2549\" \/>\u2013 Iniciados: 2000 m<br data-start=\"2568\" data-end=\"2571\" \/>\u2013 Juvenis: 3150 m<\/p>\n<p data-start=\"2592\" data-end=\"2731\"><strong data-start=\"2592\" data-end=\"2604\">Percurso<\/strong><br data-start=\"2604\" data-end=\"2607\" \/>Percurso de corta-mato em piso misto (terra batida, saibro e tout-venant) com partida e chegada junto ao parque de campismo.<\/p>\n<p data-start=\"2733\" data-end=\"2818\"><strong data-start=\"2733\" data-end=\"2749\">Participa\u00e7\u00e3o<\/strong><br data-start=\"2749\" data-end=\"2752\" \/>Aberta a atletas federados e n\u00e3o federados, dependendo do escal\u00e3o.<\/p>\n<p data-start=\"2820\" data-end=\"2864\"><strong data-start=\"2820\" data-end=\"2842\">Prazo de Inscri\u00e7\u00e3o<\/strong><br data-start=\"2842\" data-end=\"2845\" \/>10 de mar\u00e7o de 2026<\/p>\n<p data-start=\"2866\" data-end=\"2888\"><strong data-start=\"2866\" data-end=\"2888\">Taxas de Inscri\u00e7\u00e3o<\/strong><\/p>\n<p data-start=\"2890\" data-end=\"2997\">Escal\u00f5es de forma\u00e7\u00e3o \u2013 Gratuito<br data-start=\"2921\" data-end=\"2924\" \/>Seniores\/Veteranos federados \u2013 6\u20ac<br data-start=\"2957\" data-end=\"2960\" \/>Seniores\/Veteranos n\u00e3o federados \u2013 7\u20ac<\/p>\n<p data-start=\"2999\" data-end=\"3016\"><strong data-start=\"2999\" data-end=\"3016\">Cronometragem<\/strong><\/p>\n<p data-start=\"3018\" data-end=\"3106\">Sistema eletr\u00f3nico com chip. Resultados publicados em FPA Competi\u00e7\u00f5es e Recorde Pessoal.<\/p>\n<p data-start=\"3108\" data-end=\"3127\"><strong data-start=\"3108\" data-end=\"3127\">Infraestruturas<\/strong><\/p>\n<p data-start=\"3129\" data-end=\"3190\">Balne\u00e1rios dispon\u00edveis nas instala\u00e7\u00f5es do parque de campismo.<\/p>\n","race_benefits":"<p>\ud83c\udfc3 Prova de corta-mato integrada no Circuito de Meio Fundo da ADAL<br data-start=\"3662\" data-end=\"3665\" \/>\u23f1\ufe0f Cronometragem eletr\u00f3nica com chip e resultados oficiais<br data-start=\"3723\" data-end=\"3726\" \/>\ud83c\udfc5 Trof\u00e9us para os 3 primeiros de cada escal\u00e3o e g\u00e9nero<br data-start=\"3781\" data-end=\"3784\" \/>\ud83c\udfc6 Classifica\u00e7\u00f5es coletivas com trof\u00e9us para equipas<br data-start=\"3836\" data-end=\"3839\" \/>\ud83e\udd47 Pr\u00e9mio especial para os melhores atletas do concelho de Porto de M\u00f3s<br data-start=\"3910\" data-end=\"3913\" \/>\ud83d\udc65 Trof\u00e9u para a equipa mais numerosa<br data-start=\"3950\" data-end=\"3953\" \/>\ud83d\udebf Balne\u00e1rios dispon\u00edveis junto \u00e0 zona de partida<\/p>\n","event_faq_headline":"FAQ","event_faq_items":false,"event_date_start":"20260315","event_date_end":"20260315","event_start_time":"","event_country":"portugal","event_ticket_url":"https:\/\/beta.fpacompeticoes.pt\/competition\/5569\/schedule","event_latitude":"39.5901","event_longitude":"-8.8629","event_rating":"","is_hot_event":false,"event_participants_count":"0","organizer_avatar":false,"event_gallery":false,"purchasing_all_variations_through_woocommerce":false,"organizer_website":{"title":"","url":"","target":"","0":""}},"_links":{"self":[{"href":"https:\/\/racefinder.pt\/pt\/wp-json\/wp\/v2\/product\/34888","targetHints":{"allow":["GET"]}}],"collection":[{"href":"https:\/\/racefinder.pt\/pt\/wp-json\/wp\/v2\/product"}],"about":[{"href":"https:\/\/racefinder.pt\/pt\/wp-json\/wp\/v2\/types\/product"}],"replies":[{"embeddable":true,"href":"https:\/\/racefinder.pt\/pt\/wp-json\/wp\/v2\/comments?post=34888"}],"version-history":[{"count":1,"href":"https:\/\/racefinder.pt\/pt\/wp-json\/wp\/v2\/product\/34888\/revisions"}],"predecessor-version":[{"id":34889,"href":"https:\/\/racefinder.pt\/pt\/wp-json\/wp\/v2\/product\/34888\/revisions\/34889"}],"wp:featuredmedia":[{"embeddable":true,"href":"https:\/\/racefinder.pt\/pt\/wp-json\/wp\/v2\/media\/34767"}],"wp:attachment":[{"href":"https:\/\/racefinder.pt\/pt\/wp-json\/wp\/v2\/media?parent=34888"}],"wp:term":[{"taxonomy":"product_brand","embeddable":true,"href":"https:\/\/racefinder.pt\/pt\/wp-json\/wp\/v2\/product_brand?post=34888"},{"taxonomy":"product_cat","embeddable":true,"href":"https:\/\/racefinder.pt\/pt\/wp-json\/wp\/v2\/product_cat?post=34888"},{"taxonomy":"product_tag","embeddable":true,"href":"https:\/\/racefinder.pt\/pt\/wp-json\/wp\/v2\/product_tag?post=34888"}],"curies":[{"name":"wp","href":"https:\/\/api.w.org\/{rel}","templated":true}]}}