{"id":25568,"date":"2026-01-06T23:09:20","date_gmt":"2026-01-06T23:09:20","guid":{"rendered":"https:\/\/www.racefinder.pt\/?post_type=product&#038;p=25568"},"modified":"2026-01-07T12:44:00","modified_gmt":"2026-01-07T12:44:00","slug":"racenature-albufeira-xcms","status":"publish","type":"product","link":"https:\/\/racefinder.pt\/pt\/event\/racenature-albufeira-xcms\/","title":{"rendered":"RACENATURE ALBUFEIRA XCMS"},"content":{"rendered":"","protected":false},"excerpt":{"rendered":"","protected":false},"featured_media":25656,"comment_status":"open","ping_status":"closed","template":"","meta":{"_acf_changed":false,"footnotes":""},"product_brand":[],"product_cat":[193,130],"product_tag":[],"class_list":{"0":"post-25568","1":"product","2":"type-product","3":"status-publish","4":"has-post-thumbnail","6":"product_cat-btt-pt-2","7":"product_cat-ciclismo","9":"first","10":"instock","11":"shipping-taxable","12":"purchasable","13":"product-type-variable"},"acf":{"event_short_description":"<p data-start=\"135\" data-end=\"495\">O <strong data-start=\"137\" data-end=\"171\">Racenature Albufeira XCMS 2026<\/strong> \u00e9 uma corrida por etapas de <strong data-start=\"200\" data-end=\"232\">BTT XCMS (UCI Mountain Bike)<\/strong> que se realiza de <strong data-start=\"251\" data-end=\"281\">15 a 18 de janeiro de 2026<\/strong>, em <strong data-start=\"286\" data-end=\"339\">Albufeira e regi\u00f5es pr\u00f3ximas do Algarve, Portugal<\/strong>. O evento \u00e9 organizado pela <strong data-start=\"368\" data-end=\"405\">Cabreira Solutions Unipessoal Lda<\/strong> e segue os regulamentos t\u00e9cnicos e desportivos da <strong data-start=\"456\" data-end=\"494\">Uni\u00e3o Ciclista Internacional (UCI)<\/strong>.<\/p>\n<p data-start=\"497\" data-end=\"864\">A competi\u00e7\u00e3o inclui v\u00e1rios formatos de participa\u00e7\u00e3o, destacando-se o <strong data-start=\"566\" data-end=\"600\">formato individual de 4 etapas<\/strong> (Competi\u00e7\u00e3o e Open), o <strong data-start=\"624\" data-end=\"652\">formato Open de 3 etapas<\/strong> (individuais ou equipas) e o <strong data-start=\"682\" data-end=\"717\">formato Open Gravel de 2 etapas<\/strong>. O programa competitivo \u00e9 composto por <strong data-start=\"757\" data-end=\"794\">uma etapa de contrarrel\u00f3gio (XCT)<\/strong>, <strong data-start=\"796\" data-end=\"827\">uma etapa em circuito (XCM)<\/strong> e <strong data-start=\"830\" data-end=\"863\">duas etapas de maratona (XCM)<\/strong>.<\/p>\n<p data-start=\"866\" data-end=\"1167\">Com categorias <strong data-start=\"881\" data-end=\"894\">UCI Elite<\/strong> a competir por <strong data-start=\"910\" data-end=\"945\">pontos UCI e pr\u00e9mios monet\u00e1rios<\/strong>, e categorias <strong data-start=\"960\" data-end=\"968\">Open<\/strong> acess\u00edveis a atletas federados e n\u00e3o federados (mediante licen\u00e7a tempor\u00e1ria), o Racenature Albufeira combina competi\u00e7\u00e3o de alto n\u00edvel com uma organiza\u00e7\u00e3o completa e uma forte experi\u00eancia de paddock.<\/p>\n","organizer_description":"<p><strong><a class=\"\" href=\"https:\/\/cabreirasolutions.com\/racenature-albufeira\/regulamento\/\" target=\"_new\" rel=\"noopener\">Regulamento \u2197<\/a><\/strong><\/p>\n<p data-start=\"1252\" data-end=\"1364\"><strong data-start=\"1252\" data-end=\"1262\">Local:<\/strong> Albufeira e regi\u00f5es envolventes, Algarve, Portugal<\/p>\n<p data-start=\"1252\" data-end=\"1364\"><strong data-start=\"1366\" data-end=\"1376\">Datas:<\/strong> 15 a 18 de janeiro de 2026 (quinta a domingo)<br data-start=\"1422\" data-end=\"1425\" \/><strong data-start=\"1425\" data-end=\"1441\">Organiza\u00e7\u00e3o:<\/strong> Cabreira Solutions Unipessoal Lda<br data-start=\"1475\" data-end=\"1478\" \/><strong data-start=\"1478\" data-end=\"1495\">Regulamentos:<\/strong> Regulamentos UCI e regulamentos espec\u00edficos de BTT da UCI<\/p>\n<p data-start=\"1555\" data-end=\"1716\"><strong data-start=\"1555\" data-end=\"1584\">Formatos de participa\u00e7\u00e3o:<\/strong><br data-start=\"1584\" data-end=\"1587\" \/>\u2022 4 ETAPAS \u2013 Individuais (Competi\u00e7\u00e3o e Open)<br data-start=\"1631\" data-end=\"1634\" \/>\u2022 3 ETAPAS \u2013 Equipas \/ Individuais (Open)<br data-start=\"1675\" data-end=\"1678\" \/>\u2022 2 ETAPAS \u2013 Individuais Gravel (Open)<\/p>\n<p data-start=\"1718\" data-end=\"1791\"><strong data-start=\"1718\" data-end=\"1735\">Idade m\u00ednima:<\/strong> 19 anos (completos at\u00e9 31 de dezembro do ano do evento)<\/p>\n<p data-start=\"1793\" data-end=\"2184\"><strong data-start=\"1793\" data-end=\"1806\">Licen\u00e7as:<\/strong><br data-start=\"1806\" data-end=\"1809\" \/>\u2022 Licen\u00e7a de competi\u00e7\u00e3o ou Licen\u00e7a de Ciclismo Para Todos emitida por uma federa\u00e7\u00e3o aprovada pela UCI<br data-start=\"1910\" data-end=\"1913\" \/>\u2022 Atletas n\u00e3o federados podem adquirir <strong data-start=\"1952\" data-end=\"1983\">licen\u00e7a tempor\u00e1ria (di\u00e1ria)<\/strong> durante a inscri\u00e7\u00e3o<br data-start=\"2003\" data-end=\"2006\" \/>\u2022 Atletas com licen\u00e7a de competi\u00e7\u00e3o de federa\u00e7\u00e3o estrangeira aprovada pela UCI devem apresentar autoriza\u00e7\u00e3o da respetiva federa\u00e7\u00e3o e comprovativo de seguro no levantamento do kit<\/p>\n<p data-start=\"2186\" data-end=\"2335\"><strong data-start=\"2228\" data-end=\"2257\">Data limite de inscri\u00e7\u00e3o:<\/strong> <strong data-start=\"2258\" data-end=\"2292\">09 de janeiro de 2026 \u00e0s 23h59<\/strong>, ou at\u00e9 ao preenchimento das <strong data-start=\"2322\" data-end=\"2335\">800 vagas<\/strong><\/p>\n<p data-start=\"2337\" data-end=\"2474\"><strong data-start=\"2337\" data-end=\"2365\">Numera\u00e7\u00e3o personalizada:<\/strong> n\u00e3o garantida para inscri\u00e7\u00f5es efetuadas a partir de <strong data-start=\"2418\" data-end=\"2444\">25 de dezembro de 2025<\/strong> e ap\u00f3s o fecho das inscri\u00e7\u00f5es<\/p>\n<p data-start=\"2476\" data-end=\"2583\"><strong data-start=\"2476\" data-end=\"2531\">Levantamento do kit (verifica\u00e7\u00f5es administrativas):<\/strong><br data-start=\"2531\" data-end=\"2534\" \/>\u2022 <strong data-start=\"2536\" data-end=\"2561\">14 de janeiro de 2026<\/strong>, das <strong data-start=\"2567\" data-end=\"2583\">14h30 \u00e0s 19h<\/strong><\/p>\n<p data-start=\"2585\" data-end=\"2749\"><strong data-start=\"2585\" data-end=\"2598\">Briefing:<\/strong><br data-start=\"2598\" data-end=\"2601\" \/>\u2022 <strong data-start=\"2603\" data-end=\"2628\">14 de janeiro de 2026<\/strong>, \u00e0s <strong data-start=\"2633\" data-end=\"2642\">19h30<\/strong>, no <strong data-start=\"2647\" data-end=\"2673\">Inatel Albufeira Hotel<\/strong><br data-start=\"2673\" data-end=\"2676\" \/>\u2022 Obrigat\u00f3rio para equipas UCI Elite e opcional para os restantes atletas<\/p>\n<p data-start=\"2853\" data-end=\"3049\"><strong data-start=\"2853\" data-end=\"2871\">Cronometragem:<\/strong> cronometragem eletr\u00f3nica por chip integrado no frontal da bicicleta<br data-start=\"2939\" data-end=\"2942\" \/><strong data-start=\"2942\" data-end=\"2967\">Marca\u00e7\u00e3o do percurso:<\/strong> setas, sinaliza\u00e7\u00e3o e marca\u00e7\u00f5es no terreno (GPX disponibilizado apenas como apoio)<\/p>\n<p data-start=\"3051\" data-end=\"3272\"><strong data-start=\"3051\" data-end=\"3089\">Pol\u00edtica de cancelamento:<\/strong><br data-start=\"3089\" data-end=\"3092\" \/>\u2022 At\u00e9 <strong data-start=\"3098\" data-end=\"3124\">30 de novembro de 2025<\/strong>: devolu\u00e7\u00e3o de 50% do valor da inscri\u00e7\u00e3o<br data-start=\"3164\" data-end=\"3167\" \/>\u2022 Ap\u00f3s essa data: sem reembolso, salvo situa\u00e7\u00f5es excecionais devidamente justificadas com atestado m\u00e9dico<\/p>\n","race_benefits":"<p>\ud83c\udfc1 Prova por etapas com formatos XCT e XCM<br data-start=\"3337\" data-end=\"3340\" \/>\u23f1\ufe0f Cronometragem eletr\u00f3nica com classifica\u00e7\u00f5es di\u00e1rias e geral<br data-start=\"3402\" data-end=\"3405\" \/>\ud83d\ude90 Ve\u00edculos de apoio ao longo do percurso<br data-start=\"3446\" data-end=\"3449\" \/>\ud83d\udee0\ufe0f Assist\u00eancia mec\u00e2nica durante a corrida (apenas m\u00e3o de obra)<br data-start=\"3512\" data-end=\"3515\" \/>\ud83e\udd64 Abastecimentos l\u00edquidos e s\u00f3lidos durante as etapas e refor\u00e7os no final (consoante o formato)<br data-start=\"3611\" data-end=\"3614\" \/>\ud83d\udebf Balne\u00e1rios, duches e servi\u00e7o de bengaleiro no final de cada etapa<br data-start=\"3682\" data-end=\"3685\" \/>\ud83e\ude7a Assist\u00eancia m\u00e9dica e primeiros socorros<br data-start=\"3727\" data-end=\"3730\" \/>\ud83d\udcf8 1 a 2 fotografias por atleta publicadas no Facebook oficial do evento<br data-start=\"3802\" data-end=\"3805\" \/>\ud83c\udf81 Brindes do evento e <strong data-start=\"3828\" data-end=\"3851\">medalha de finisher<\/strong><br data-start=\"3851\" data-end=\"3854\" \/>\ud83d\udcd8 Roadbook digital com informa\u00e7\u00e3o detalhada das etapas<br data-start=\"3909\" data-end=\"3912\" \/>\ud83d\udee1\ufe0f Seguro de acidentes pessoais para atletas n\u00e3o federados (franquia de <strong data-start=\"3985\" data-end=\"3992\">90\u20ac<\/strong> em caso de sinistro)<\/p>\n","event_date_start":"20260115","event_date_end":"20260118","event_start_time":"","event_country":"portugal","event_ticket_url":"https:\/\/cabreirasolutions.com\/event\/racenature-albufeira\/","event_latitude":"37.0882","event_longitude":"-8.2526","event_rating":"","is_hot_event":false,"event_participants_count":"0","organizer_avatar":false,"event_gallery":false,"event_location_text":"Albufeira","organizer_website":{"title":"","url":"","target":"","0":""}},"_links":{"self":[{"href":"https:\/\/racefinder.pt\/pt\/wp-json\/wp\/v2\/product\/25568","targetHints":{"allow":["GET"]}}],"collection":[{"href":"https:\/\/racefinder.pt\/pt\/wp-json\/wp\/v2\/product"}],"about":[{"href":"https:\/\/racefinder.pt\/pt\/wp-json\/wp\/v2\/types\/product"}],"replies":[{"embeddable":true,"href":"https:\/\/racefinder.pt\/pt\/wp-json\/wp\/v2\/comments?post=25568"}],"version-history":[{"count":0,"href":"https:\/\/racefinder.pt\/pt\/wp-json\/wp\/v2\/product\/25568\/revisions"}],"wp:featuredmedia":[{"embeddable":true,"href":"https:\/\/racefinder.pt\/pt\/wp-json\/wp\/v2\/media\/25656"}],"wp:attachment":[{"href":"https:\/\/racefinder.pt\/pt\/wp-json\/wp\/v2\/media?parent=25568"}],"wp:term":[{"taxonomy":"product_brand","embeddable":true,"href":"https:\/\/racefinder.pt\/pt\/wp-json\/wp\/v2\/product_brand?post=25568"},{"taxonomy":"product_cat","embeddable":true,"href":"https:\/\/racefinder.pt\/pt\/wp-json\/wp\/v2\/product_cat?post=25568"},{"taxonomy":"product_tag","embeddable":true,"href":"https:\/\/racefinder.pt\/pt\/wp-json\/wp\/v2\/product_tag?post=25568"}],"curies":[{"name":"wp","href":"https:\/\/api.w.org\/{rel}","templated":true}]}}